{"id":12334,"date":"2018-10-15T04:36:42","date_gmt":"2018-10-15T02:36:42","guid":{"rendered":"https:\/\/www.paciepagliarigruppo.it\/paci-e-pagliari\/"},"modified":"2026-03-24T15:38:29","modified_gmt":"2026-03-24T14:38:29","slug":"paci-et-pagliari","status":"publish","type":"page","link":"https:\/\/www.paciepagliarigruppo.it\/fr\/paci-et-pagliari\/","title":{"rendered":"Groupe Paci et Pagliari"},"content":{"rendered":"\n\t<section class=\"section\" id=\"section_153631011\">\n\t\t<div class=\"section-bg fill\" >\n\t\t\t\t\t\t\t\t\t\n\t\t\t\n\n\t\t<\/div>\n\n\t\t\n\n\t\t<div class=\"section-content relative\">\n\t\t\t\n\n  <div class=\"banner has-hover\" id=\"banner-1716330653\">\n          <div class=\"banner-inner fill\">\n        <div class=\"banner-bg fill\" >\n            <img loading=\"lazy\" decoding=\"async\" width=\"2000\" height=\"1328\" src=\"https:\/\/www.paciepagliarigruppo.it\/wp-content\/uploads\/2022\/08\/chi-siamo-Header.jpg\" class=\"bg attachment-original size-original\" alt=\"\" \/>                        <div class=\"overlay\"><\/div>            \n                    <\/div>\n\t\t\n        <div class=\"banner-layers container\">\n            <div class=\"fill banner-link\"><\/div>            \n   <div id=\"text-box-188651849\" class=\"text-box banner-layer x50 md-x50 lg-x50 y75 md-y65 lg-y70 res-text\">\n                                <div class=\"text-box-content text dark\">\n              \n              <div class=\"text-inner text-center\">\n                  \n\t<div id=\"text-3342384457\" class=\"text titolobanner\">\n\t\t\n<h1 class=\"uppercase\">Groupe Paci &#038; Pagliari<\/h1>\n\t\t\n<style>\n#text-3342384457 {\n  font-size: 0.75rem;\n  text-align: center;\n}\n@media (min-width:550px) {\n  #text-3342384457 {\n    font-size: 0.75rem;\n  }\n}\n<\/style>\n\t<\/div>\n\t\n              <\/div>\n           <\/div>\n                            \n<style>\n#text-box-188651849 {\n  width: 99%;\n}\n#text-box-188651849 .text-box-content {\n  font-size: 100%;\n}\n@media (min-width:550px) {\n  #text-box-188651849 {\n    width: 96%;\n  }\n}\n@media (min-width:850px) {\n  #text-box-188651849 {\n    width: 60%;\n  }\n}\n<\/style>\n    <\/div>\n \n        <\/div>\n      <\/div>\n\n            \n<style>\n#banner-1716330653 {\n  padding-top: 350px;\n}\n#banner-1716330653 .overlay {\n  background-color: rgba(0, 0, 0, 0.343);\n}\n<\/style>\n  <\/div>\n\n\n\t\t<\/div>\n\n\t\t\n<style>\n#section_153631011 {\n  padding-top: 0px;\n  padding-bottom: 0px;\n}\n<\/style>\n\t<\/section>\n\t\n\n\t<section class=\"section\" id=\"section_1025050939\">\n\t\t<div class=\"section-bg fill\" >\n\t\t\t\t\t\t\t\t\t\n\t\t\t\n\n\t\t<\/div>\n\n\t\t\n\n\t\t<div class=\"section-content relative\">\n\t\t\t\n<div class=\"row\"  id=\"row-1127011031\">\n\n\t<div id=\"col-446660674\" class=\"col small-12 large-12\"  >\n\t\t\t\t<div class=\"col-inner\"  >\n\t\t\t\n\t\t\t\n\t<div id=\"gap-788313419\" class=\"gap-element clearfix\" style=\"display:block; height:auto;\">\n\t\t\n<style>\n#gap-788313419 {\n  padding-top: 30px;\n}\n<\/style>\n\t<\/div>\n\t\n<p><a href=\"https:\/\/www.paciepagliarigruppo.it\/fr\/\">HOME<\/a> | Groupe Paci &amp; Pagliari<\/p>\n\t\t<\/div>\n\t\t\t\t\t<\/div>\n\n\t\n<\/div>\n\t\t<\/div>\n\n\t\t\n<style>\n#section_1025050939 {\n  padding-top: 0px;\n  padding-bottom: 0px;\n}\n<\/style>\n\t<\/section>\n\t\n\n\t<section class=\"section\" id=\"section_613916731\">\n\t\t<div class=\"section-bg fill\" >\n\t\t\t\t\t\t\t\t\t\n\t\t\t\n\n\t\t<\/div>\n\n\t\t\n\n\t\t<div class=\"section-content relative\">\n\t\t\t\n<div class=\"row\"  id=\"row-307750077\">\n\n\t<div id=\"col-1840415858\" class=\"col small-12 large-12\"  >\n\t\t\t\t<div class=\"col-inner\"  >\n\t\t\t\n\t\t\t\n\t<div id=\"text-3566120668\" class=\"text\">\n\t\t\n<h2 class=\"title uppercase\">Qui sommes-nous?<\/h2>\n\t\t\n<style>\n#text-3566120668 {\n  text-align: center;\n}\n<\/style>\n\t<\/div>\n\t\n<p>Le groupe industriel Paci &amp; Pagliari <strong>est n\u00e9 dans les ann\u00e9es soixante-dix <\/strong>lorsque Paci Patrizio, traditionnellement li\u00e9 \u00e0 la gestion fonci\u00e8re et agricole, <strong>eut l\u2019intuition de se consacrer \u00e0 la r\u00e9colte et \u00e0 la commercialisation du fourrage<\/strong>, ainsi qu\u2019\u00e0 la valorisation des sous-produits agricoles. Portant une attention particuli\u00e8re aux demandes de l\u2019industrie de l\u2019alimentation animale et des op\u00e9rateurs du secteur de l\u2019\u00e9levage zootechnique, <strong>Paci Patrizio, en collaboration avec les fr\u00e8res Pagliari, d\u00e9marra l\u2019activit\u00e9 dans les ann\u00e9es quatre-vingt en implantant la premi\u00e8re usine dans la municipalit\u00e9 de Mombaroccio<\/strong>, pour la transformation du fourrage. Ayant trouv\u00e9 une acceptation favorable de la part du march\u00e9 et estimant que le moment \u00e9tait venu pour une expansion de la production, <strong>dans les ann\u00e9es quatre-vingt-dix<\/strong>, apr\u00e8s une analyse minutieuse de la bonne localisation territoriale, <strong>il <\/strong><strong>acquit les usines de Finale Emilia et de Terre Roveresche.<\/strong><\/p>\n\t\t<\/div>\n\t\t\t\t\t<\/div>\n\n\t\n<\/div>\n\t\t<\/div>\n\n\t\t\n<style>\n#section_613916731 {\n  padding-top: 30px;\n  padding-bottom: 30px;\n}\n<\/style>\n\t<\/section>\n\t\n\n\t<section class=\"section\" id=\"section_381121463\">\n\t\t<div class=\"section-bg fill\" >\n\t\t\t\t\t\t\t\t\t\n\t\t\t\n\n\t\t<\/div>\n\n\t\t\n\n\t\t<div class=\"section-content relative\">\n\t\t\t\n<div class=\"row\"  id=\"row-864725443\">\n\n\t<div id=\"col-1055374628\" class=\"col small-12 large-12\"  >\n\t\t\t\t<div class=\"col-inner text-center\"  >\n\t\t\t\n\t\t\t\n\t<div id=\"text-542747082\" class=\"text\">\n\t\t\n<h2 class=\"uppercase\">\nNotre histoire<\/h2>\n\t\t\n<style>\n#text-542747082 {\n  text-align: center;\n}\n<\/style>\n\t<\/div>\n\t\n\t<div class=\"img has-hover x md-x lg-x y md-y lg-y\" id=\"image_1975026836\">\n\t\t\t\t\t\t\t\t<div class=\"img-inner dark\" >\n\t\t\t<img loading=\"lazy\" decoding=\"async\" width=\"1527\" height=\"474\" src=\"https:\/\/www.paciepagliarigruppo.it\/wp-content\/uploads\/2023\/07\/la-nostra-storia-FR-1.jpg\" class=\"attachment-original size-original\" alt=\"\" srcset=\"https:\/\/www.paciepagliarigruppo.it\/wp-content\/uploads\/2023\/07\/la-nostra-storia-FR-1.jpg 1527w, https:\/\/www.paciepagliarigruppo.it\/wp-content\/uploads\/2023\/07\/la-nostra-storia-FR-1-300x93.jpg 300w, https:\/\/www.paciepagliarigruppo.it\/wp-content\/uploads\/2023\/07\/la-nostra-storia-FR-1-1024x318.jpg 1024w, https:\/\/www.paciepagliarigruppo.it\/wp-content\/uploads\/2023\/07\/la-nostra-storia-FR-1-768x238.jpg 768w\" sizes=\"auto, (max-width: 1527px) 100vw, 1527px\" \/>\t\t\t\t\t\t\n\t\t\t\t\t<\/div>\n\t\t\t\t\t\t\t\t\n<style>\n#image_1975026836 {\n  width: 100%;\n}\n@media (min-width:850px) {\n  #image_1975026836 {\n    width: 100%;\n  }\n}\n<\/style>\n\t<\/div>\n\t\n\t\t<\/div>\n\t\t\t\t\t<\/div>\n\n\t\n<\/div>\n\t\t<\/div>\n\n\t\t\n<style>\n#section_381121463 {\n  padding-top: 30px;\n  padding-bottom: 30px;\n  background-color: rgb(232, 233, 225);\n}\n<\/style>\n\t<\/section>\n\t\n\n\t<section class=\"section\" id=\"section_448802999\">\n\t\t<div class=\"section-bg fill\" >\n\t\t\t\t\t\t\t\t\t\n\t\t\t\n\n\t\t<\/div>\n\n\t\t\n\n\t\t<div class=\"section-content relative\">\n\t\t\t\n<div class=\"row\"  id=\"row-1830782229\">\n\n\t<div id=\"col-506357417\" class=\"col small-12 large-12\"  >\n\t\t\t\t<div class=\"col-inner\"  >\n\t\t\t\n\t\t\t\n\t<div id=\"text-76338524\" class=\"text\">\n\t\t\n<h2 class=\"uppercase\">Le groupe aujourd&rsquo;hui<\/h2>\n\t\t\n<style>\n#text-76338524 {\n  text-align: center;\n}\n<\/style>\n\t<\/div>\n\t\n\t\t<\/div>\n\t\t\t\t\t<\/div>\n\n\t\n<\/div>\n<div class=\"row align-middle\"  id=\"row-1508941252\">\n\n\t<div id=\"col-1143412550\" class=\"col medium-5 small-12 large-5\"  >\n\t\t\t\t<div class=\"col-inner\"  >\n\t\t\t\n\t\t\t\n<p>Le groupe Paci &amp; Pagliari, riche de comp\u00e9tences acquises au cours d\u2019une longue tradition, <strong>travaille dans le secteur agro-industriel <\/strong><strong>pour la production de luzerne, de fourrages, d\u2019alimentation animale simple et compos\u00e9e<\/strong>. La direction est confi\u00e9e \u00e0 <strong>Patrizio Paci<\/strong>, un homme ayant plus de <strong>40 ans d\u2019exp\u00e9rience <\/strong>dans le secteur entrepreneurial agricole et commercial. Au d\u00e9but des ann\u00e9es 2000<strong>, afin de diversifier leurs activit\u00e9s, les membres du Groupe Paci &amp; Pagliari<\/strong> <strong>acquirent <\/strong><strong>la majorit\u00e9 de la soci\u00e9t\u00e9 <\/strong><strong>AGRITRADE s.r.l.. <\/strong>La soci\u00e9t\u00e9 a une structure de soci\u00e9t\u00e9 de portefeuille industrielle et d\u00e9tient des participations dans les secteurs de l\u2019agriculture et de l\u2019\u00e9levage agro-industriel tant en Italie qu\u2019\u00e0 l\u2019\u00e9tranger ainsi que dans le secteur des \u00e9nergies renouvelables<\/p>\n\t\t<\/div>\n\t\t\t\t\t<\/div>\n\n\t\n\n\t<div id=\"col-1906388435\" class=\"col medium-7 small-12 large-7\"  >\n\t\t\t\t<div class=\"col-inner text-center\"  >\n\t\t\t\n\t\t\t\n\t<div id=\"text-972429609\" class=\"text\">\n\t\t\n<h3 class=\"uppercase\">Aujourd&rsquo;hui les soci\u00e9t\u00e9s faisant<br \/>r\u00e9f\u00e9rence aux membres fondateurs :<\/h3>\n\t\t\n<style>\n#text-972429609 {\n  text-align: center;\n}\n<\/style>\n\t<\/div>\n\t\n\t<div class=\"img has-hover x md-x lg-x y md-y lg-y\" id=\"image_225892758\">\n\t\t\t\t\t\t\t\t<div class=\"img-inner dark\" >\n\t\t\t<img loading=\"lazy\" decoding=\"async\" width=\"1401\" height=\"566\" src=\"https:\/\/www.paciepagliarigruppo.it\/wp-content\/uploads\/2023\/07\/il-gruppo-oggi-FR.jpg\" class=\"attachment-original size-original\" alt=\"\" srcset=\"https:\/\/www.paciepagliarigruppo.it\/wp-content\/uploads\/2023\/07\/il-gruppo-oggi-FR.jpg 1401w, https:\/\/www.paciepagliarigruppo.it\/wp-content\/uploads\/2023\/07\/il-gruppo-oggi-FR-300x121.jpg 300w, https:\/\/www.paciepagliarigruppo.it\/wp-content\/uploads\/2023\/07\/il-gruppo-oggi-FR-1024x414.jpg 1024w, https:\/\/www.paciepagliarigruppo.it\/wp-content\/uploads\/2023\/07\/il-gruppo-oggi-FR-768x310.jpg 768w\" sizes=\"auto, (max-width: 1401px) 100vw, 1401px\" \/>\t\t\t\t\t\t\n\t\t\t\t\t<\/div>\n\t\t\t\t\t\t\t\t\n<style>\n#image_225892758 {\n  width: 100%;\n}\n@media (min-width:550px) {\n  #image_225892758 {\n    width: 94%;\n  }\n}\n<\/style>\n\t<\/div>\n\t\n\t\t<\/div>\n\t\t\t\t\t<\/div>\n\n\t\n<\/div>\n\t\t<\/div>\n\n\t\t\n<style>\n#section_448802999 {\n  padding-top: 30px;\n  padding-bottom: 30px;\n}\n<\/style>\n\t<\/section>\n\t\n\n\t<section class=\"section\" id=\"section_173702484\">\n\t\t<div class=\"section-bg fill\" >\n\t\t\t\t\t\t\t\t\t\n\t\t\t\n\n\t\t<\/div>\n\n\t\t\n\n\t\t<div class=\"section-content relative\">\n\t\t\t\n<div class=\"row\"  id=\"row-505561068\">\n\n\t<div id=\"col-130030902\" class=\"col small-12 large-12\"  >\n\t\t\t\t<div class=\"col-inner\"  >\n\t\t\t\n\t\t\t\n\t<div id=\"text-2184925641\" class=\"text\">\n\t\t\n<h2 class=\"uppercase\">Nos si\u00e8ges de production en Italie et \u00e0 l&rsquo;\u00e9tranger<\/h2>\n\t\t\n<style>\n#text-2184925641 {\n  text-align: center;\n}\n<\/style>\n\t<\/div>\n\t\n\t\t<\/div>\n\t\t\t\t\t<\/div>\n\n\t\n<\/div>\n<div class=\"row align-middle align-center\"  id=\"row-1094880759\">\n\n\t<div id=\"col-1787214926\" class=\"col medium-1 small-12 large-1\"  >\n\t\t\t\t<div class=\"col-inner\"  >\n\t\t\t\n\t\t\t\n\t<div class=\"box has-hover   has-hover box-none box-text-bottom\" >\n\n\t\t<div class=\"box-image\" >\n\t\t\t\t\t\t<div class=\"image-zoom\" >\n\t\t\t\t<img loading=\"lazy\" decoding=\"async\" width=\"300\" height=\"300\" src=\"https:\/\/www.paciepagliarigruppo.it\/wp-content\/uploads\/2022\/06\/Sede-4.png\" class=\"attachment-original size-original\" alt=\"\" srcset=\"https:\/\/www.paciepagliarigruppo.it\/wp-content\/uploads\/2022\/06\/Sede-4.png 300w, https:\/\/www.paciepagliarigruppo.it\/wp-content\/uploads\/2022\/06\/Sede-4-150x150.png 150w\" sizes=\"auto, (max-width: 300px) 100vw, 300px\" \/>\t\t\t\t\t\t\t\t\t\t\t<\/div>\n\t\t\t\t\t<\/div>\n\n\t\t<div class=\"box-text text-left\" >\n\t\t\t<div class=\"box-text-inner\">\n\t\t\t\t\n\t\t\t<\/div>\n\t\t<\/div>\n\t<\/div>\n\t\n\t\t<\/div>\n\t\t\t\t\t<\/div>\n\n\t\n\n\t<div id=\"col-1125816684\" class=\"col medium-3 small-12 large-3\"  >\n\t\t\t\t<div class=\"col-inner\"  >\n\t\t\t\n\t\t\t\n<p>Via Ridolfina \u2013 Loc. Schieppe di Orciano \u2013 61038 Terre Roveresche (PU)<br \/>T\u00e9l : (+39) 0721 981989<br \/><a href=\"mailto:info@paciepagliarigruppo.it\">info@paciepagliarigruppo.it<\/a><\/p>\n\t\t<\/div>\n\t\t\t\t\t<\/div>\n\n\t\n\n\t<div id=\"col-133295517\" class=\"col medium-1 small-12 large-1\"  >\n\t\t\t\t<div class=\"col-inner\"  >\n\t\t\t\n\t\t\t\n\t<div class=\"box has-hover   has-hover box-none box-text-bottom\" >\n\n\t\t<div class=\"box-image\" >\n\t\t\t\t\t\t<div class=\"image-zoom image-cover\" style=\"padding-top:100%;\">\n\t\t\t\t<img loading=\"lazy\" decoding=\"async\" width=\"300\" height=\"300\" src=\"https:\/\/www.paciepagliarigruppo.it\/wp-content\/uploads\/2022\/06\/Sede-3.png\" class=\"attachment-original size-original\" alt=\"\" srcset=\"https:\/\/www.paciepagliarigruppo.it\/wp-content\/uploads\/2022\/06\/Sede-3.png 300w, https:\/\/www.paciepagliarigruppo.it\/wp-content\/uploads\/2022\/06\/Sede-3-150x150.png 150w\" sizes=\"auto, (max-width: 300px) 100vw, 300px\" \/>\t\t\t\t\t\t\t\t\t\t\t<\/div>\n\t\t\t\t\t<\/div>\n\n\t\t<div class=\"box-text text-left\" >\n\t\t\t<div class=\"box-text-inner\">\n\t\t\t\t\n<p>Via dell\u2019Agricoltura, 9 Loc. Schieppe di Orciano \u2013 61038 \u2013 Terre Roveresche (PU)<br \/>T\u00e9l : (+39) 0721 981989<br \/><a href=\"mailto:info@paciepagliarigruppo.it\">info@paciepagliarigruppo.it<\/a><\/p>\n\t\t\t<\/div>\n\t\t<\/div>\n\t<\/div>\n\t\n\t\t<\/div>\n\t\t\t\t\t<\/div>\n\n\t\n\n\t<div id=\"col-1526555166\" class=\"col medium-3 small-12 large-3\"  >\n\t\t\t\t<div class=\"col-inner\"  >\n\t\t\t\n\t\t\t\n<p>Via dell\u2019Agricoltura, 9 Loc. Schieppe di Orciano \u2013 61038 Terre Roveresche (PU)<br \/>T\u00e9l : (+39) 0721 981989<br \/><a href=\"mailto:info@paciepagliarigruppo.it\">info@paciepagliarigruppo.it<\/a><\/p>\n\t\t<\/div>\n\t\t\t\t\t<\/div>\n\n\t\n\n\t<div id=\"col-1399173539\" class=\"col medium-1 small-12 large-1\"  >\n\t\t\t\t<div class=\"col-inner\"  >\n\t\t\t\n\t\t\t\n\t<div class=\"img has-hover x md-x lg-x y md-y lg-y\" id=\"image_1148410617\">\n\t\t\t\t\t\t\t\t<div class=\"img-inner image-zoom dark\" >\n\t\t\t<img loading=\"lazy\" decoding=\"async\" width=\"300\" height=\"300\" src=\"https:\/\/www.paciepagliarigruppo.it\/wp-content\/uploads\/2022\/06\/Sede-5.png\" class=\"attachment-original size-original\" alt=\"\" srcset=\"https:\/\/www.paciepagliarigruppo.it\/wp-content\/uploads\/2022\/06\/Sede-5.png 300w, https:\/\/www.paciepagliarigruppo.it\/wp-content\/uploads\/2022\/06\/Sede-5-150x150.png 150w\" sizes=\"auto, (max-width: 300px) 100vw, 300px\" \/>\t\t\t\t\t\t\n\t\t\t\t\t<\/div>\n\t\t\t\t\t\t\t\t\n<style>\n#image_1148410617 {\n  width: 100%;\n}\n<\/style>\n\t<\/div>\n\t\n\t\t<\/div>\n\t\t\t\t\t<\/div>\n\n\t\n\n\t<div id=\"col-1845250570\" class=\"col medium-3 small-12 large-3\"  >\n\t\t\t\t<div class=\"col-inner\"  >\n\t\t\t\n\t\t\t\n<p>Via Turlo, 5 \u2013 61024 Mombaroccio (PU)<br \/>T\u00e9l : (+39) 0721 471361<br \/><a href=\"mailto:info@paciepagliarigruppo.it\">info@paciepagliarigruppo.it<\/a><\/p>\n\t\t<\/div>\n\t\t\t\t\t<\/div>\n\n\t\n\n\t<div id=\"col-1263641268\" class=\"col medium-1 small-12 large-1\"  >\n\t\t\t\t<div class=\"col-inner text-left\"  >\n\t\t\t\n\t\t\t\n\t<div class=\"box has-hover   has-hover box-none box-text-bottom\" >\n\n\t\t<div class=\"box-image\" >\n\t\t\t\t\t\t<div class=\"image-zoom\" >\n\t\t\t\t<img loading=\"lazy\" decoding=\"async\" width=\"300\" height=\"300\" src=\"https:\/\/www.paciepagliarigruppo.it\/wp-content\/uploads\/2022\/06\/Sede-1.png\" class=\"attachment-original size-original\" alt=\"\" srcset=\"https:\/\/www.paciepagliarigruppo.it\/wp-content\/uploads\/2022\/06\/Sede-1.png 300w, https:\/\/www.paciepagliarigruppo.it\/wp-content\/uploads\/2022\/06\/Sede-1-150x150.png 150w\" sizes=\"auto, (max-width: 300px) 100vw, 300px\" \/>\t\t\t\t\t\t\t\t\t\t\t<\/div>\n\t\t\t\t\t<\/div>\n\n\t\t<div class=\"box-text text-left\" >\n\t\t\t<div class=\"box-text-inner\">\n\t\t\t\t\n<p>Via Ceresa, 17 41034 Finale Emilia Modena (MO)<br \/>T\u00e9l : (+39) 0535 99454<br \/><a href=\"mailto:info@paciepagliarigruppo.it\">info@paciepagliarigruppo.it<\/a><\/p>\n\t\t\t<\/div>\n\t\t<\/div>\n\t<\/div>\n\t\n\t\t<\/div>\n\t\t\t\t\t<\/div>\n\n\t\n\n\t<div id=\"col-103822744\" class=\"col medium-3 small-12 large-3\"  >\n\t\t\t\t<div class=\"col-inner text-left\"  >\n\t\t\t\n\t\t\t\n<p>Via Ceresa, 17 &#8211; 41034 Finale Emilia (MO)<br \/>T\u00e9l : (+39) 0535 99454<br \/><a href=\"mailto:info@paciepagliarigruppo.it\">info@paciepagliarigruppo.it<\/a><\/p>\n\t\t<\/div>\n\t\t\t\t\t<\/div>\n\n\t\n\n\t<div id=\"col-2141808438\" class=\"col medium-1 small-12 large-1\"  >\n\t\t\t\t<div class=\"col-inner\"  >\n\t\t\t\n\t\t\t\n\t<div class=\"box has-hover   has-hover box-none box-text-bottom\" >\n\n\t\t<div class=\"box-image\" >\n\t\t\t\t\t\t<div class=\"image-zoom\" >\n\t\t\t\t<img loading=\"lazy\" decoding=\"async\" width=\"300\" height=\"300\" src=\"https:\/\/www.paciepagliarigruppo.it\/wp-content\/uploads\/2022\/06\/Sede-2.png\" class=\"attachment-original size-original\" alt=\"\" srcset=\"https:\/\/www.paciepagliarigruppo.it\/wp-content\/uploads\/2022\/06\/Sede-2.png 300w, https:\/\/www.paciepagliarigruppo.it\/wp-content\/uploads\/2022\/06\/Sede-2-150x150.png 150w\" sizes=\"auto, (max-width: 300px) 100vw, 300px\" \/>\t\t\t\t\t\t\t\t\t\t\t<\/div>\n\t\t\t\t\t<\/div>\n\n\t\t<div class=\"box-text text-left is-xsmall\" >\n\t\t\t<div class=\"box-text-inner\">\n\t\t\t\t\n<p>EcoPellet Kft<br \/>Sede Amministrativa: 1056 Budapest vaci utca 81 \u2013 Hungary<br \/>Stabilimento: 5053 Szaszberek \u2013 Ipari Park \u2013 Hungary<br \/><a href=\"mailto:ungheria@paciepagliarigruppo.it\">ungheria@paciepagliarigruppo.it<\/a><\/p>\n\t\t\t<\/div>\n\t\t<\/div>\n\t<\/div>\n\t\n\t\t<\/div>\n\t\t\t\t\t<\/div>\n\n\t\n\n\t<div id=\"col-919868273\" class=\"col medium-3 small-12 large-3\"  >\n\t\t\t\t<div class=\"col-inner\"  >\n\t\t\t\n\t\t\t\n<p>EcoPellet Kft<br \/>Sede Amministrativa: 1056 Budapest vaci utca 81 \u2013 Hungary<br \/>Stabilimento: 5053 Szaszberek \u2013 Ipari Park \u2013 Hungary<br \/><a href=\"mailto:ungheria@paciepagliarigruppo.it\">ungheria@paciepagliarigruppo.it<\/a><\/p>\n\t\t<\/div>\n\t\t\t\t\t<\/div>\n\n\t\n\n\t<div id=\"col-921013672\" class=\"col medium-1 small-12 large-1\"  >\n\t\t\t\t<div class=\"col-inner\"  >\n\t\t\t\n\t\t\t\n\t<div class=\"box has-hover   has-hover box-none box-text-bottom\" >\n\n\t\t<div class=\"box-image\" >\n\t\t\t\t\t\t<div class=\"image-zoom\" >\n\t\t\t\t<img loading=\"lazy\" decoding=\"async\" width=\"300\" height=\"300\" src=\"https:\/\/www.paciepagliarigruppo.it\/wp-content\/uploads\/2022\/06\/Sede-6.png\" class=\"attachment-original size-original\" alt=\"\" srcset=\"https:\/\/www.paciepagliarigruppo.it\/wp-content\/uploads\/2022\/06\/Sede-6.png 300w, https:\/\/www.paciepagliarigruppo.it\/wp-content\/uploads\/2022\/06\/Sede-6-150x150.png 150w\" sizes=\"auto, (max-width: 300px) 100vw, 300px\" \/>\t\t\t\t\t\t\t\t\t\t\t<\/div>\n\t\t\t\t\t<\/div>\n\n\t\t<div class=\"box-text text-left is-xsmall\" >\n\t\t\t<div class=\"box-text-inner\">\n\t\t\t\t\n<p>Palotasi Mg. Zrt.<br \/>5072 Besenysz\u00f6g-Palot\u00e1s \u2013 tessedik Samuel ut.2 \u2013 Hungary<br \/><a href=\"mailto:ungheria@paciepagliarigruppo.it\">ungheria@paciepagliarigruppo.it<\/a><\/p>\n\t\t\t<\/div>\n\t\t<\/div>\n\t<\/div>\n\t\n\t\t<\/div>\n\t\t\t\t\t<\/div>\n\n\t\n\n\t<div id=\"col-318186462\" class=\"col medium-3 small-12 large-3\"  >\n\t\t\t\t<div class=\"col-inner\"  >\n\t\t\t\n\t\t\t\n<p>Palotasi Mg. Zrt.<br \/>5072 Besenysz\u00f6g-Palot\u00e1s \u2013 tessedik Samuel ut.2 \u2013 Hungary<br \/><a href=\"mailto:ungheria@paciepagliarigruppo.it\">ungheria@paciepagliarigruppo.it<\/a><\/p>\n\t\t<\/div>\n\t\t\t\t\t<\/div>\n\n\t\n<\/div>\n\t\t<\/div>\n\n\t\t\n<style>\n#section_173702484 {\n  padding-top: 30px;\n  padding-bottom: 30px;\n}\n<\/style>\n\t<\/section>\n\t\n\n\n\n\t<section class=\"section\" id=\"section_110034587\">\n\t\t<div class=\"section-bg fill\" >\n\t\t\t\t\t\t\t\t\t\n\t\t\t\n\n\t\t<\/div>\n\n\t\t\n\n\t\t<div class=\"section-content relative\">\n\t\t\t\n<div class=\"row align-center\"  id=\"row-788395478\">\n\n\t<div id=\"col-1507643680\" class=\"col small-12 large-12\"  >\n\t\t\t\t<div class=\"col-inner text-center\"  >\n\t\t\t\n\t\t\t\n\t<div id=\"text-2488543961\" class=\"text\">\n\t\t\n<h2 class=\"uppercase\">O\u00f9 nous exportons<\/h2>\n\t\t\n<style>\n#text-2488543961 {\n  text-align: center;\n}\n<\/style>\n\t<\/div>\n\t\n\t<div class=\"img has-hover x md-x lg-x y md-y lg-y\" id=\"image_1035279125\">\n\t\t\t\t\t\t\t\t<div class=\"img-inner image-cover dark\" style=\"padding-top:56.25%;\">\n\t\t\t<img loading=\"lazy\" decoding=\"async\" width=\"2048\" height=\"809\" src=\"https:\/\/www.paciepagliarigruppo.it\/wp-content\/uploads\/2022\/12\/mappa-finale.png\" class=\"attachment-original size-original\" alt=\"\" srcset=\"https:\/\/www.paciepagliarigruppo.it\/wp-content\/uploads\/2022\/12\/mappa-finale.png 2048w, https:\/\/www.paciepagliarigruppo.it\/wp-content\/uploads\/2022\/12\/mappa-finale-300x119.png 300w, https:\/\/www.paciepagliarigruppo.it\/wp-content\/uploads\/2022\/12\/mappa-finale-1024x405.png 1024w, https:\/\/www.paciepagliarigruppo.it\/wp-content\/uploads\/2022\/12\/mappa-finale-768x303.png 768w, https:\/\/www.paciepagliarigruppo.it\/wp-content\/uploads\/2022\/12\/mappa-finale-1536x607.png 1536w\" sizes=\"auto, (max-width: 2048px) 100vw, 2048px\" \/>\t\t\t\t\t\t\n\t\t\t\t\t<\/div>\n\t\t\t\t\t\t\t\t\n<style>\n#image_1035279125 {\n  width: 100%;\n}\n@media (min-width:550px) {\n  #image_1035279125 {\n    width: 85%;\n  }\n}\n@media (min-width:850px) {\n  #image_1035279125 {\n    width: 100%;\n  }\n}\n<\/style>\n\t<\/div>\n\t\n\t\t<\/div>\n\t\t\t\t\t<\/div>\n\n\t\n<\/div>\n\t\t<\/div>\n\n\t\t\n<style>\n#section_110034587 {\n  padding-top: 30px;\n  padding-bottom: 30px;\n  background-color: rgb(232, 234, 224);\n}\n<\/style>\n\t<\/section>\n\t\n","protected":false},"excerpt":{"rendered":"","protected":false},"author":6,"featured_media":0,"parent":0,"menu_order":0,"comment_status":"closed","ping_status":"closed","template":"page-blank.php","meta":{"_acf_changed":false,"footnotes":""},"class_list":["post-12334","page","type-page","status-publish","hentry"],"acf":[],"yoast_head":"<!-- This site is optimized with the Yoast SEO plugin v27.4 - https:\/\/yoast.com\/product\/yoast-seo-wordpress\/ -->\n<title>Groupe Paci et Pagliari - paci e pagliari - Production de luzerne et de fourrage<\/title>\n<meta name=\"robots\" content=\"index, follow, max-snippet:-1, max-image-preview:large, max-video-preview:-1\" \/>\n<link rel=\"canonical\" href=\"https:\/\/www.paciepagliarigruppo.it\/fr\/paci-et-pagliari\/\" \/>\n<meta property=\"og:locale\" content=\"fr_FR\" \/>\n<meta property=\"og:type\" content=\"article\" \/>\n<meta property=\"og:title\" content=\"Groupe Paci et Pagliari - paci e pagliari - Production de luzerne et de fourrage\" \/>\n<meta property=\"og:url\" content=\"https:\/\/www.paciepagliarigruppo.it\/fr\/paci-et-pagliari\/\" \/>\n<meta property=\"og:site_name\" content=\"paci e pagliari - Production de luzerne et de fourrage\" \/>\n<meta property=\"article:modified_time\" content=\"2026-03-24T14:38:29+00:00\" \/>\n<meta name=\"twitter:card\" content=\"summary_large_image\" \/>\n<meta name=\"twitter:label1\" content=\"Dur\u00e9e de lecture estim\u00e9e\" \/>\n\t<meta name=\"twitter:data1\" content=\"7 minutes\" \/>\n<script type=\"application\/ld+json\" class=\"yoast-schema-graph\">{\"@context\":\"https:\\\/\\\/schema.org\",\"@graph\":[{\"@type\":\"WebPage\",\"@id\":\"https:\\\/\\\/www.paciepagliarigruppo.it\\\/fr\\\/paci-et-pagliari\\\/\",\"url\":\"https:\\\/\\\/www.paciepagliarigruppo.it\\\/fr\\\/paci-et-pagliari\\\/\",\"name\":\"Groupe Paci et Pagliari - paci e pagliari - Production de luzerne et de fourrage\",\"isPartOf\":{\"@id\":\"https:\\\/\\\/www.paciepagliarigruppo.it\\\/fr\\\/#website\"},\"datePublished\":\"2018-10-15T02:36:42+00:00\",\"dateModified\":\"2026-03-24T14:38:29+00:00\",\"breadcrumb\":{\"@id\":\"https:\\\/\\\/www.paciepagliarigruppo.it\\\/fr\\\/paci-et-pagliari\\\/#breadcrumb\"},\"inLanguage\":\"fr-FR\",\"potentialAction\":[{\"@type\":\"ReadAction\",\"target\":[\"https:\\\/\\\/www.paciepagliarigruppo.it\\\/fr\\\/paci-et-pagliari\\\/\"]}]},{\"@type\":\"BreadcrumbList\",\"@id\":\"https:\\\/\\\/www.paciepagliarigruppo.it\\\/fr\\\/paci-et-pagliari\\\/#breadcrumb\",\"itemListElement\":[{\"@type\":\"ListItem\",\"position\":1,\"name\":\"Home\",\"item\":\"https:\\\/\\\/www.paciepagliarigruppo.it\\\/fr\\\/\"},{\"@type\":\"ListItem\",\"position\":2,\"name\":\"Groupe Paci et Pagliari\"}]},{\"@type\":\"WebSite\",\"@id\":\"https:\\\/\\\/www.paciepagliarigruppo.it\\\/fr\\\/#website\",\"url\":\"https:\\\/\\\/www.paciepagliarigruppo.it\\\/fr\\\/\",\"name\":\"Paci & Pagliari\",\"description\":\"Produzione erba medica e foraggi\",\"potentialAction\":[{\"@type\":\"SearchAction\",\"target\":{\"@type\":\"EntryPoint\",\"urlTemplate\":\"https:\\\/\\\/www.paciepagliarigruppo.it\\\/fr\\\/?s={search_term_string}\"},\"query-input\":{\"@type\":\"PropertyValueSpecification\",\"valueRequired\":true,\"valueName\":\"search_term_string\"}}],\"inLanguage\":\"fr-FR\"}]}<\/script>\n<!-- \/ Yoast SEO plugin. -->","yoast_head_json":{"title":"Groupe Paci et Pagliari - paci e pagliari - Production de luzerne et de fourrage","robots":{"index":"index","follow":"follow","max-snippet":"max-snippet:-1","max-image-preview":"max-image-preview:large","max-video-preview":"max-video-preview:-1"},"canonical":"https:\/\/www.paciepagliarigruppo.it\/fr\/paci-et-pagliari\/","og_locale":"fr_FR","og_type":"article","og_title":"Groupe Paci et Pagliari - paci e pagliari - Production de luzerne et de fourrage","og_url":"https:\/\/www.paciepagliarigruppo.it\/fr\/paci-et-pagliari\/","og_site_name":"paci e pagliari - Production de luzerne et de fourrage","article_modified_time":"2026-03-24T14:38:29+00:00","twitter_card":"summary_large_image","twitter_misc":{"Dur\u00e9e de lecture estim\u00e9e":"7 minutes"},"schema":{"@context":"https:\/\/schema.org","@graph":[{"@type":"WebPage","@id":"https:\/\/www.paciepagliarigruppo.it\/fr\/paci-et-pagliari\/","url":"https:\/\/www.paciepagliarigruppo.it\/fr\/paci-et-pagliari\/","name":"Groupe Paci et Pagliari - paci e pagliari - Production de luzerne et de fourrage","isPartOf":{"@id":"https:\/\/www.paciepagliarigruppo.it\/fr\/#website"},"datePublished":"2018-10-15T02:36:42+00:00","dateModified":"2026-03-24T14:38:29+00:00","breadcrumb":{"@id":"https:\/\/www.paciepagliarigruppo.it\/fr\/paci-et-pagliari\/#breadcrumb"},"inLanguage":"fr-FR","potentialAction":[{"@type":"ReadAction","target":["https:\/\/www.paciepagliarigruppo.it\/fr\/paci-et-pagliari\/"]}]},{"@type":"BreadcrumbList","@id":"https:\/\/www.paciepagliarigruppo.it\/fr\/paci-et-pagliari\/#breadcrumb","itemListElement":[{"@type":"ListItem","position":1,"name":"Home","item":"https:\/\/www.paciepagliarigruppo.it\/fr\/"},{"@type":"ListItem","position":2,"name":"Groupe Paci et Pagliari"}]},{"@type":"WebSite","@id":"https:\/\/www.paciepagliarigruppo.it\/fr\/#website","url":"https:\/\/www.paciepagliarigruppo.it\/fr\/","name":"Paci & Pagliari","description":"Produzione erba medica e foraggi","potentialAction":[{"@type":"SearchAction","target":{"@type":"EntryPoint","urlTemplate":"https:\/\/www.paciepagliarigruppo.it\/fr\/?s={search_term_string}"},"query-input":{"@type":"PropertyValueSpecification","valueRequired":true,"valueName":"search_term_string"}}],"inLanguage":"fr-FR"}]}},"_links":{"self":[{"href":"https:\/\/www.paciepagliarigruppo.it\/fr\/wp-json\/wp\/v2\/pages\/12334","targetHints":{"allow":["GET"]}}],"collection":[{"href":"https:\/\/www.paciepagliarigruppo.it\/fr\/wp-json\/wp\/v2\/pages"}],"about":[{"href":"https:\/\/www.paciepagliarigruppo.it\/fr\/wp-json\/wp\/v2\/types\/page"}],"author":[{"embeddable":true,"href":"https:\/\/www.paciepagliarigruppo.it\/fr\/wp-json\/wp\/v2\/users\/6"}],"replies":[{"embeddable":true,"href":"https:\/\/www.paciepagliarigruppo.it\/fr\/wp-json\/wp\/v2\/comments?post=12334"}],"version-history":[{"count":10,"href":"https:\/\/www.paciepagliarigruppo.it\/fr\/wp-json\/wp\/v2\/pages\/12334\/revisions"}],"predecessor-version":[{"id":13592,"href":"https:\/\/www.paciepagliarigruppo.it\/fr\/wp-json\/wp\/v2\/pages\/12334\/revisions\/13592"}],"wp:attachment":[{"href":"https:\/\/www.paciepagliarigruppo.it\/fr\/wp-json\/wp\/v2\/media?parent=12334"}],"curies":[{"name":"wp","href":"https:\/\/api.w.org\/{rel}","templated":true}]}}